{"id":10,"date":"2025-01-28T17:19:32","date_gmt":"2025-01-28T16:19:32","guid":{"rendered":"http:\/\/ilg.usc.gal\/agon\/?page_id=10"},"modified":"2025-02-06T09:22:04","modified_gmt":"2025-02-06T08:22:04","slug":"presentacion","status":"publish","type":"page","link":"https:\/\/ilg.usc.gal\/agon\/presentacion\/","title":{"rendered":"Quen somos"},"content":{"rendered":"\n<div class=\"wp-block-columns is-layout-flex wp-container-core-columns-is-layout-28f84493 wp-block-columns-is-layout-flex\">\n<div class=\"wp-block-column is-layout-flow wp-block-column-is-layout-flow\">\n<p>Consideramos que a onom\u00e1stica, isto \u00e9, o estudo dos nomes de persoas e de lugar, \u00e9 unha parte importante do noso acervo cultural, e por iso \u00e9 importante impulsar os traballos dedicados \u00e1 s\u00faa conservaci\u00f3n, divulgaci\u00f3n e investigaci\u00f3n. Nese sentido, a nosa Asociaci\u00f3n nace co fin de intentar unifica-los esforzos que desde diversos campos est\u00e1n destinados para tal fin: o material onom\u00e1stico pode ser analizado desde m\u00faltiples perspectivas, non s\u00f3 a ling\u00fc\u00edstica, sen\u00f3n tam\u00e9n a hist\u00f3rica, a antropol\u00f3xica, a social ou a arqueol\u00f3xica.<br><\/p>\n<\/div>\n\n\n\n<div class=\"wp-block-column is-layout-flow wp-block-column-is-layout-flow\">\n<p class=\"has-medium-font-size\">Con respecto \u00f3 \u00e1mbito xeogr\u00e1fico, o noso campo de traballo non se circunscribe \u00f3s l\u00edmites pol\u00edticos da Galicia actual, sen\u00f3n que se aproxima m\u00e1is \u00f3 da <em>Gallaecia<\/em> hist\u00f3rica, e por tanto abranguer\u00eda tam\u00e9n os territorios lim\u00edtrofes, tanto de Espa\u00f1a coma de Portugal.<\/p>\n\n\n\n<p class=\"has-medium-font-size\">Cremos que a recuperaci\u00f3n da onom\u00e1stica tradicional \u00e9 unha parte importante do proceso de normalizaci\u00f3n ling\u00fc\u00edstica. Por iso, o papel dos profesionais de ensino medio pode ser moi relevante neste eido, xa que son figuras id\u00f3neas para impulsar traballos de campo entre os alumnos, o que, por unha banda, posibilitar\u00e1 que estes se fagan conscientes do papel da toponimia e da onom\u00e1stica persoal na nosa cultura, e por outra, redundar\u00e1 na elaboraci\u00f3n de traballos \u00fatiles que axuden a preservar a nosa riqueza cultural. A Asociaci\u00f3n pode contribu\u00edr a canalizar ou orientar este tipo de traballos, e posibilitar a s\u00faa posterior publicaci\u00f3n (ben en papel ou en Internet) ou a s\u00faa presentaci\u00f3n nos congresos que desde o 2002 vimos organizando para dar a co\u00f1ecer e promover a actividade onom\u00e1stica de Galicia.<\/p>\n\n\n\n<p class=\"has-medium-font-size\">A Asociaci\u00f3n Galega de Onom\u00e1stica naceu en Santiago de Compostela en 1999. Foron socios fundadores Fernando Tato Plaza (\u2020), Ant\u00f3n Santamarina Fern\u00e1ndez, Juan Jos\u00e9 Moralejo \u00c1lvarez &nbsp;(\u2020), Ram\u00f3n Lorenzo V\u00e1zquez, Gonzalo Navaza Blanco, Xos\u00e9 Ant\u00f3n Palacio S\u00e1nchez , Xes\u00fas Ferro Ruibal, Ana Isabel Boull\u00f3n Agrelo, Elixio Rivas Quintas, Carlos B\u00faa Carballo e Luz M\u00e9ndez Fern\u00e1ndez<\/p>\n<\/div>\n<\/div>\n\n\n\n<hr class=\"wp-block-separator has-alpha-channel-opacity\" style=\"margin-top:var(--wp--preset--spacing--50);margin-bottom:var(--wp--preset--spacing--30)\"\/>\n\n\n\n<div class=\"wp-block-group has-global-padding is-layout-constrained wp-block-group-is-layout-constrained\">\n<div class=\"wp-block-columns is-layout-flex wp-container-core-columns-is-layout-28f84493 wp-block-columns-is-layout-flex\">\n<div class=\"wp-block-column is-layout-flow wp-block-column-is-layout-flow\">\n<h2 class=\"wp-block-heading\"><strong>Actual equipo directivo<\/strong><\/h2>\n\n\n\n<ul class=\"wp-block-list\">\n<li><strong><strong>Luz M\u00e9ndez Fern\u00e1ndez<\/strong><\/strong><br>Presidenta<\/li>\n\n\n\n<li><strong><strong>Andrea Santiso Arias<\/strong><\/strong><br>Secretaria<\/li>\n\n\n\n<li><strong><strong>Sandra Beis Silva<br><strong>Fernando Cabeza Quiles<\/strong><br><strong>Mar\u00eda Dolores Ferro Diz<\/strong><br><strong>Raquel Vila-Amado<\/strong><\/strong><\/strong><br>Vogais<\/li>\n<\/ul>\n<\/div>\n\n\n\n<div class=\"wp-block-column is-layout-flow wp-block-column-is-layout-flow\">\n<h2 class=\"wp-block-heading has-large-font-size\"><strong>Socios fundadores<\/strong> (1999)<\/h2>\n\n\n\n<ul class=\"wp-block-list\">\n<li>Ana Isabel Boull\u00f3n Agrelo<\/li>\n\n\n\n<li>Carlos B\u00faa Carballo<\/li>\n\n\n\n<li>Xes\u00fas Ferro Ruibal<\/li>\n\n\n\n<li>Ram\u00f3n Lorenzo V\u00e1zquez<\/li>\n\n\n\n<li>Luz M\u00e9ndez Fern\u00e1ndez<\/li>\n\n\n\n<li>Juan Jos\u00e9 Moralejo \u00c1lvarez (\u2020)<\/li>\n\n\n\n<li>Gonzalo Navaza Blanco<\/li>\n\n\n\n<li>Ant\u00f3n Palacio S\u00e1nchez<\/li>\n\n\n\n<li>Ant\u00f3n Santamarina Fern\u00e1ndez<\/li>\n\n\n\n<li>Elixio Rivas Quintas<\/li>\n\n\n\n<li>Fernando Tato Plaza (\u2020)<\/li>\n<\/ul>\n<\/div>\n<\/div>\n<\/div>\n\n\n\n<hr class=\"wp-block-separator has-alpha-channel-opacity\" style=\"margin-top:var(--wp--preset--spacing--50);margin-bottom:var(--wp--preset--spacing--30)\"\/>\n\n\n\n<div class=\"wp-block-group has-global-padding is-layout-constrained wp-block-group-is-layout-constrained\">\n<h2 class=\"wp-block-heading\">Estatutos<\/h2>\n\n\n\n<p class=\"has-medium-font-size\">Estatutos da Asociaci\u00f3n Galega de Onom\u00e1stica (Agon)<br>Segundo a Lei Org\u00e1nica 1\/2002 do 22 de Marzo (Boe do 26-03-2002)<\/p>\n<\/div>\n\n\n\n<div class=\"wp-block-buttons is-layout-flex wp-block-buttons-is-layout-flex\">\n<div class=\"wp-block-button is-style-outline is-style-outline--1\"><a class=\"wp-block-button__link has-accent-1-color has-text-color has-link-color wp-element-button\" href=\"http:\/\/ilg.usc.gal\/agon\/wp-content\/uploads\/2025\/01\/estatutos1.doc\">Descarga os estatutos<\/a><\/div>\n<\/div>\n\n\n\n<p><\/p>\n","protected":false},"excerpt":{"rendered":"<p>Consideramos que a onom\u00e1stica, isto \u00e9, o estudo dos nomes de persoas e de lugar, \u00e9 unha parte importante do noso acervo cultural, e por iso \u00e9 importante impulsar os traballos dedicados \u00e1 s\u00faa conservaci\u00f3n, divulgaci\u00f3n e investigaci\u00f3n. Nese sentido, a nosa Asociaci\u00f3n nace co fin de intentar unifica-los esforzos que desde diversos campos est\u00e1n [&hellip;]<\/p>\n","protected":false},"author":1,"featured_media":0,"parent":0,"menu_order":0,"comment_status":"closed","ping_status":"closed","template":"","meta":{"_acf_changed":false,"footnotes":""},"class_list":["post-10","page","type-page","status-publish","hentry"],"acf":[],"mb":[],"mfb_rest_fields":["title"],"_links":{"self":[{"href":"https:\/\/ilg.usc.gal\/agon\/wp-json\/wp\/v2\/pages\/10","targetHints":{"allow":["GET"]}}],"collection":[{"href":"https:\/\/ilg.usc.gal\/agon\/wp-json\/wp\/v2\/pages"}],"about":[{"href":"https:\/\/ilg.usc.gal\/agon\/wp-json\/wp\/v2\/types\/page"}],"author":[{"embeddable":true,"href":"https:\/\/ilg.usc.gal\/agon\/wp-json\/wp\/v2\/users\/1"}],"replies":[{"embeddable":true,"href":"https:\/\/ilg.usc.gal\/agon\/wp-json\/wp\/v2\/comments?post=10"}],"version-history":[{"count":0,"href":"https:\/\/ilg.usc.gal\/agon\/wp-json\/wp\/v2\/pages\/10\/revisions"}],"wp:attachment":[{"href":"https:\/\/ilg.usc.gal\/agon\/wp-json\/wp\/v2\/media?parent=10"}],"curies":[{"name":"wp","href":"https:\/\/api.w.org\/{rel}","templated":true}]}}