{"id":541,"date":"2018-04-16T21:39:32","date_gmt":"2018-04-16T19:39:32","guid":{"rendered":"https:\/\/ilg.usc.gal\/PaLeGa\/?page_id=541"},"modified":"2026-02-02T20:00:31","modified_gmt":"2026-02-02T19:00:31","slug":"materiais-dos-centros-participantes","status":"publish","type":"page","link":"https:\/\/ilg.usc.gal\/palega\/?page_id=541","title":{"rendered":""},"content":{"rendered":"<p style=\"text-align: justify;\">Nesta secci\u00f3n iranse incorporando os materiais elaborados polos centros durante a s\u00faa participaci\u00f3n no programa, as\u00ed como algunhas das gravaci\u00f3ns e imaxes obtidas durante a realizaci\u00f3n das entrevistas. <span style=\"color: black; font-family: Calibri,Helvetica,sans-serif; font-size: medium;\"><span style=\"color: black;\"><span style=\"color: #381f47; font-family: Libre Franklin,Helvetica Neue,Helvetica,Arial,sans-serif;\">O l\u00e9xico recollido<\/span><span style=\"color: #381f47; font-family: Libre Franklin,Helvetica Neue,Helvetica,Arial,sans-serif;\">\u00a0polo alumnado pasar\u00e1 a integrar a base de datos do <\/span><a id=\"LPlnk560621\" href=\"http:\/\/ilg.usc.gal\/Tesouro\" target=\"_blank\" rel=\"noopener noreferrer\" data-auth=\"NotApplicable\"><span style=\"font-family: Libre Franklin,Helvetica Neue,Helvetica,Arial,sans-serif;\"><i>Tesouro do l\u00e9xico patrimonial galego e portugu\u00e9s<\/i><\/span><\/a><span style=\"color: black; font-family: Libre Franklin,Helvetica Neue,Helvetica,Arial,sans-serif;\">,<\/span><span style=\"color: #381f47; font-family: Libre Franklin,Helvetica Neue,Helvetica,Arial,sans-serif;\"> onde ir\u00e1 identificado co nome do centro correspondente.<\/span><\/span><\/span><\/p>\n<h5>ano lectivo 2024\/2025<\/h5>\n<h5>IES A basella (vilanova de arousa)<\/h5>\n<p style=\"text-align: justify;\">O alumnado recolleu l\u00e9xico relacionado co mar e co vi\u00f1o e a vendima. O resultado do traballo realizado ao longo do ano lectivo p\u00f3dese consultar na p\u00e1xina web <a href=\"https:\/\/sites.google.com\/iesabasella.org\/abasellaproxectalingua\/inicio?authuser=0\">Da t\u00faa boqui\u00f1a, unha fala<\/a>, onde se pode descargar o glosario co l\u00e9xico recollido.<\/p>\n<p><a href=\"https:\/\/ilg.usc.gal\/palega\/wp-content\/uploads\/2026\/01\/IES_Basella.png\"><img loading=\"lazy\" decoding=\"async\" class=\"alignnone size-medium wp-image-883\" src=\"https:\/\/ilg.usc.gal\/palega\/wp-content\/uploads\/2026\/01\/IES_Basella-300x212.png\" alt=\"\" width=\"300\" height=\"212\" srcset=\"https:\/\/ilg.usc.gal\/palega\/wp-content\/uploads\/2026\/01\/IES_Basella-300x212.png 300w, https:\/\/ilg.usc.gal\/palega\/wp-content\/uploads\/2026\/01\/IES_Basella-1024x723.png 1024w, https:\/\/ilg.usc.gal\/palega\/wp-content\/uploads\/2026\/01\/IES_Basella-768x542.png 768w, https:\/\/ilg.usc.gal\/palega\/wp-content\/uploads\/2026\/01\/IES_Basella.png 1213w\" sizes=\"auto, (max-width: 300px) 100vw, 300px\" \/><\/a><\/p>\n<h5>IES A illa de arousa (A illa de arousa)<\/h5>\n<p style=\"text-align: justify;\">Este centro traballou arredor do l\u00e9xico do mar e, como parte do proxecto, realizou unha visita \u00e1 Confrar\u00eda de Pescadores e montou a <a href=\"https:\/\/www.lavozdegalicia.es\/noticia\/arousa\/a-illa-de-arousa\/2025\/05\/01\/span-langglas-marexadas-da-historia-da-arousa-chegan-ao-auditorio-span\/00031746089127232915964.htm\">exposici\u00f3n Marexadas<\/a> no auditorio da Illa. O alumnado traballou na materia de Expresi\u00f3n Art\u00edstica con fotograf\u00edas antigas da s\u00faa zona relacionadas co mar e transformounas mediante o uso da t<span lang=\"gl\">\u00e9cnica art\u00edstica do collage.<\/span><\/p>\n<p><a href=\"https:\/\/ilg.usc.gal\/palega\/wp-content\/uploads\/2026\/01\/Cartel_Illa.png\"><img loading=\"lazy\" decoding=\"async\" class=\"wp-image-885 aligncenter\" src=\"https:\/\/ilg.usc.gal\/palega\/wp-content\/uploads\/2026\/01\/Cartel_Illa-212x300.png\" alt=\"\" width=\"193\" height=\"273\" srcset=\"https:\/\/ilg.usc.gal\/palega\/wp-content\/uploads\/2026\/01\/Cartel_Illa-212x300.png 212w, https:\/\/ilg.usc.gal\/palega\/wp-content\/uploads\/2026\/01\/Cartel_Illa.png 422w\" sizes=\"auto, (max-width: 193px) 100vw, 193px\" \/><\/a><\/p>\n<h5>ano lectivo 2023\/2024<\/h5>\n<h5>CIFP portovello (ourense)<\/h5>\n<p style=\"text-align: justify;\">Na primeira fase do proxecto o alumnado puido co\u00f1ecer e valorar o <a href=\"https:\/\/cifpportovello.gal\/contenidos.asp?id=427\">Centro de Interpretaci\u00f3n do Xogo Popular e Tradicional<\/a>, creado polo propio CIFP. Tras investigar sobre os xogos tradicionais e o l\u00e9xico relacionado, puxeron en marcha as <a href=\"https:\/\/profesiogalizate.proxectosweb.org\/index.php\/xogos\/\">PortOlimp\u00edadas<\/a>. Despois de seleccionar os xogos populares para competir en tres fases eliminatorias, informouse a toda a comunidade educativa sobre o desenvolvemento das olimp\u00edadas e organiz\u00e1ronse competici\u00f3ns no patio por equipos.<\/p>\n<p><a href=\"https:\/\/ilg.usc.gal\/palega\/wp-content\/uploads\/2026\/02\/portolimpiadas_bases_e_xogos_1_Pagina_01-scaled.jpg\"><img loading=\"lazy\" decoding=\"async\" class=\"wp-image-894 aligncenter\" src=\"https:\/\/ilg.usc.gal\/palega\/wp-content\/uploads\/2026\/02\/portolimpiadas_bases_e_xogos_1_Pagina_01-300x169.jpg\" alt=\"\" width=\"264\" height=\"149\" srcset=\"https:\/\/ilg.usc.gal\/palega\/wp-content\/uploads\/2026\/02\/portolimpiadas_bases_e_xogos_1_Pagina_01-300x169.jpg 300w, https:\/\/ilg.usc.gal\/palega\/wp-content\/uploads\/2026\/02\/portolimpiadas_bases_e_xogos_1_Pagina_01-1024x576.jpg 1024w, https:\/\/ilg.usc.gal\/palega\/wp-content\/uploads\/2026\/02\/portolimpiadas_bases_e_xogos_1_Pagina_01-768x432.jpg 768w, https:\/\/ilg.usc.gal\/palega\/wp-content\/uploads\/2026\/02\/portolimpiadas_bases_e_xogos_1_Pagina_01-1536x864.jpg 1536w, https:\/\/ilg.usc.gal\/palega\/wp-content\/uploads\/2026\/02\/portolimpiadas_bases_e_xogos_1_Pagina_01-2048x1152.jpg 2048w\" sizes=\"auto, (max-width: 264px) 100vw, 264px\" \/><\/a><\/p>\n<h5>cpi castro baxoi (mi\u00f1o)<\/h5>\n<p style=\"text-align: justify;\">O alumnado entrou en contacto co mundo dos mu\u00ed\u00f1os e o seu funcionamento grazas, principalmente, ao que lle contaron os seus av\u00f3s e avoas. Ao final do ano lectivo, en colaboraci\u00f3n co Departamento de Educaci\u00f3n F\u00edsica, realizaron unha andaina pola senda dos mu\u00ed\u00f1os da fraga do Xar\u00edo en Mi\u00f1o, con construci\u00f3ns do s\u00e9culo XVII.<\/p>\n<p><a href=\"https:\/\/ilg.usc.gal\/palega\/wp-content\/uploads\/2026\/01\/Castro_Baxoi_muinos.jpg\"><img loading=\"lazy\" decoding=\"async\" class=\"alignnone  wp-image-888\" src=\"https:\/\/ilg.usc.gal\/palega\/wp-content\/uploads\/2026\/01\/Castro_Baxoi_muinos-230x300.jpg\" alt=\"\" width=\"176\" height=\"230\" srcset=\"https:\/\/ilg.usc.gal\/palega\/wp-content\/uploads\/2026\/01\/Castro_Baxoi_muinos-230x300.jpg 230w, https:\/\/ilg.usc.gal\/palega\/wp-content\/uploads\/2026\/01\/Castro_Baxoi_muinos.jpg 475w\" sizes=\"auto, (max-width: 176px) 100vw, 176px\" \/><\/a>\u00a0 \u00a0 <a href=\"https:\/\/ilg.usc.gal\/palega\/wp-content\/uploads\/2026\/01\/Muino_avoa_alumno-scaled-e1769779089954.jpg\"><img loading=\"lazy\" decoding=\"async\" class=\"alignnone  wp-image-889\" src=\"https:\/\/ilg.usc.gal\/palega\/wp-content\/uploads\/2026\/01\/Muino_avoa_alumno-scaled-e1769779089954-269x300.jpg\" alt=\"\" width=\"205\" height=\"228\" srcset=\"https:\/\/ilg.usc.gal\/palega\/wp-content\/uploads\/2026\/01\/Muino_avoa_alumno-scaled-e1769779089954-269x300.jpg 269w, https:\/\/ilg.usc.gal\/palega\/wp-content\/uploads\/2026\/01\/Muino_avoa_alumno-scaled-e1769779089954-917x1024.jpg 917w, https:\/\/ilg.usc.gal\/palega\/wp-content\/uploads\/2026\/01\/Muino_avoa_alumno-scaled-e1769779089954-768x858.jpg 768w, https:\/\/ilg.usc.gal\/palega\/wp-content\/uploads\/2026\/01\/Muino_avoa_alumno-scaled-e1769779089954-1375x1536.jpg 1375w, https:\/\/ilg.usc.gal\/palega\/wp-content\/uploads\/2026\/01\/Muino_avoa_alumno-scaled-e1769779089954.jpg 1441w\" sizes=\"auto, (max-width: 205px) 100vw, 205px\" \/><\/a><\/p>\n<h5>cpR pluriling\u00fce guillelme brown (o pereiro de aguiar)<\/h5>\n<p style=\"text-align: justify;\">Este centro adentrouse no mundo dos oficios tradicionais de Portugal e da provincia de Ourense, documentando as pr\u00e1cticas, t\u00e9cnicas e o vocabulario espec\u00edfico utilizado en diversos labores artesanais. O alumnado realizou unha serie de visitas a artes\u00e1ns e profesionais de varios oficios tradicionais, o que lle permitiu rexistrar o l\u00e9xico empregado no seu traballo diario. Entre estas visitas destacaron as realizadas \u00e1 alfarer\u00eda de Ni\u00f1odaguia e a un taller dun zapateiro en Vilanova dos Infantes. O produto final foi un libro en que recompilaron toda a informaci\u00f3n recollida.<\/p>\n<p><a href=\"https:\/\/ilg.usc.gal\/palega\/wp-content\/uploads\/2026\/02\/Zapateiro_CPR_Guillelme_Brown.jpg\"><img loading=\"lazy\" decoding=\"async\" class=\"wp-image-903 alignleft\" src=\"https:\/\/ilg.usc.gal\/palega\/wp-content\/uploads\/2026\/02\/Zapateiro_CPR_Guillelme_Brown-300x220.jpg\" alt=\"\" width=\"263\" height=\"193\" srcset=\"https:\/\/ilg.usc.gal\/palega\/wp-content\/uploads\/2026\/02\/Zapateiro_CPR_Guillelme_Brown-300x220.jpg 300w, https:\/\/ilg.usc.gal\/palega\/wp-content\/uploads\/2026\/02\/Zapateiro_CPR_Guillelme_Brown.jpg 692w\" sizes=\"auto, (max-width: 263px) 100vw, 263px\" \/><\/a> <a href=\"https:\/\/ilg.usc.gal\/palega\/wp-content\/uploads\/2026\/02\/Afiador_CPR_Guillelme_Brown.jpg\"><img loading=\"lazy\" decoding=\"async\" class=\"wp-image-904 alignleft\" src=\"https:\/\/ilg.usc.gal\/palega\/wp-content\/uploads\/2026\/02\/Afiador_CPR_Guillelme_Brown-300x291.jpg\" alt=\"\" width=\"198\" height=\"192\" srcset=\"https:\/\/ilg.usc.gal\/palega\/wp-content\/uploads\/2026\/02\/Afiador_CPR_Guillelme_Brown-300x291.jpg 300w, https:\/\/ilg.usc.gal\/palega\/wp-content\/uploads\/2026\/02\/Afiador_CPR_Guillelme_Brown.jpg 542w\" sizes=\"auto, (max-width: 198px) 100vw, 198px\" \/><\/a><\/p>\n<h5><\/h5>\n<h5>ies pedregal de irimia (meira)<\/h5>\n<p style=\"text-align: justify;\">Este centro traballou sobre a sega e a malla para o que entrou en contacto con persoas co\u00f1ecedoras do proceso de recolecci\u00f3n e tratamento dos cereais de xeito tradicional, como tres membros da directiva da Asociaci\u00f3n de Amigos da Malla (Meira), que lles deron unha charla, ou as persoas usuarias do Centro de Atenci\u00f3n a Maiores. Tam\u00e9n viron un documental sobre os segadores galegos en Castela. Ademais da recolla l\u00e9xica, recompilaron refr\u00e1ns e cantigas e elaboraron un artigo para a revista do centro e carteis propagand\u00edsticos das tarefas da sega e a malla.<\/p>\n<p><a href=\"https:\/\/ilg.usc.gal\/palega\/wp-content\/uploads\/2026\/02\/IES_Pedregal_Irimia_cartel-scaled.jpg\"><img loading=\"lazy\" decoding=\"async\" class=\"alignnone  wp-image-897\" src=\"https:\/\/ilg.usc.gal\/palega\/wp-content\/uploads\/2026\/02\/IES_Pedregal_Irimia_cartel-212x300.jpg\" alt=\"\" width=\"169\" height=\"239\" srcset=\"https:\/\/ilg.usc.gal\/palega\/wp-content\/uploads\/2026\/02\/IES_Pedregal_Irimia_cartel-212x300.jpg 212w, https:\/\/ilg.usc.gal\/palega\/wp-content\/uploads\/2026\/02\/IES_Pedregal_Irimia_cartel-724x1024.jpg 724w, https:\/\/ilg.usc.gal\/palega\/wp-content\/uploads\/2026\/02\/IES_Pedregal_Irimia_cartel-768x1086.jpg 768w, https:\/\/ilg.usc.gal\/palega\/wp-content\/uploads\/2026\/02\/IES_Pedregal_Irimia_cartel-1086x1536.jpg 1086w, https:\/\/ilg.usc.gal\/palega\/wp-content\/uploads\/2026\/02\/IES_Pedregal_Irimia_cartel-1448x2048.jpg 1448w, https:\/\/ilg.usc.gal\/palega\/wp-content\/uploads\/2026\/02\/IES_Pedregal_Irimia_cartel-scaled.jpg 1810w\" sizes=\"auto, (max-width: 169px) 100vw, 169px\" \/>\u00a0 <\/a><a href=\"https:\/\/ilg.usc.gal\/palega\/wp-content\/uploads\/2026\/02\/IES_Pedregal_Irimia_charla.png\"><img loading=\"lazy\" decoding=\"async\" class=\"wp-image-898 alignleft\" src=\"https:\/\/ilg.usc.gal\/palega\/wp-content\/uploads\/2026\/02\/IES_Pedregal_Irimia_charla-300x259.png\" alt=\"\" width=\"261\" height=\"225\" srcset=\"https:\/\/ilg.usc.gal\/palega\/wp-content\/uploads\/2026\/02\/IES_Pedregal_Irimia_charla-300x259.png 300w, https:\/\/ilg.usc.gal\/palega\/wp-content\/uploads\/2026\/02\/IES_Pedregal_Irimia_charla.png 574w\" sizes=\"auto, (max-width: 261px) 100vw, 261px\" \/><\/a><\/p>\n<h5>ies fernando blanco (cee)<\/h5>\n<p style=\"text-align: justify;\">Neste centro levaron a cabo o proxecto <em>Festilingua<\/em>, encami\u00f1ado \u00e1 realizaci\u00f3n dun percorrido polas principais celebraci\u00f3ns da contorna do IES Fernando Blanco que se desenvolveron ao longo do curso acad\u00e9mico. Por exemplo, celebraron o Festilingua do Magosto, momento en que alumnado tivo a oportunidade de investigar e co\u00f1ecer diferentes xeitos de celebrar o magosto ou de chamarlle \u00e1s casta\u00f1as.<\/p>\n<h5>ies pluriling\u00fce fontem albei (A fonsagrada)<\/h5>\n<p style=\"text-align: justify;\">Neste centro elaboraron un <a href=\"https:\/\/www.elprogreso.es\/articulo\/a-montana\/fala-da-fonsagrada-non-perde\/202304041707101654494.amp.html\">caderno de recolla de l\u00e9xico<\/a> que depositaron en varios puntos da vila da Fonsagrada para que as persoas que o desexasen, sobre todo as de m\u00e1is idade, puidesen achegar as s\u00faas palabras e tam\u00e9n crearon un <a href=\"https:\/\/forms.gle\/uCHmYmewM1jna5557\">formulario<\/a> de recollida en li\u00f1a. Para fomentar a cesi\u00f3n de palabras por parte da veci\u00f1anza, elaboraron diversos v\u00eddeos nas redes sociais baixo o cancelo #NaFonsagradadicimosas\u00ed. Co l\u00e9xico recollido crearon pasatempos, que distribu\u00edron en formato libro ou mantel de mesa polos bares e restaurantes da vila, e diversos xogos de mesa. Tam\u00e9n foron difundindo as palabras rexistradas nas stories do Instagram baixo o t\u00edtulo &#8220;<a href=\"https:\/\/www.instagram.com\/s\/aGlnaGxpZ2h0OjE4MDI4Nzk4MTgxMDI4NDQw?story_media_id=3369129410106411559&amp;igsh=MTd0b2V4bHV0cWdpOA==\">A palabra do d\u00eda<\/a>&#8220;. Por \u00faltimo, realizaron unha visita ao Instituto da Lingua Galega en que puideron falar co lexic\u00f3grafo fonsagradino Ant\u00f3n Santamarina.<\/p>\n<p style=\"text-align: justify;\">Todo este traballo, que levaba por t\u00edtulo<em> A memoria das palabras,<\/em> foi reco\u00f1ecido co <a href=\"https:\/\/www.lingua.gal\/a-secretaria-xeral\/convocatorias\/_\/Premios\/convocatoria_0183\/resolucion-convocatoria-para-realizacion-proxectos-innovacion-educativa-dinamizacion\">Primeiro premio de innovaci\u00f3n educativa en dinamizaci\u00f3n ling\u00fc\u00edstica<\/a> na convocatoria 2023\/2024 da Secretar\u00eda Xeral da Lingua e a Direcci\u00f3n Xeral de Ordenaci\u00f3n e Innovaci\u00f3n Educativa. P\u00f3dese ler a descrici\u00f3n deste proxecto nun <a href=\"https:\/\/www.edu.xunta.gal\/eduga\/2606\/plan-proxecta\/memoria-das-palabras\">artigo<\/a> da autor\u00eda de Noemi Basanta, coordinadora do traballo, no n.\u00ba 87 da revista <em>EDUGA<\/em>.<\/p>\n<p><a href=\"https:\/\/ilg.usc.gal\/palega\/wp-content\/uploads\/2026\/02\/Pasatempos_IES_Fontem_Albei.jpg\"><img loading=\"lazy\" decoding=\"async\" class=\"wp-image-907 alignleft\" src=\"https:\/\/ilg.usc.gal\/palega\/wp-content\/uploads\/2026\/02\/Pasatempos_IES_Fontem_Albei-270x300.jpg\" alt=\"\" width=\"175\" height=\"195\" srcset=\"https:\/\/ilg.usc.gal\/palega\/wp-content\/uploads\/2026\/02\/Pasatempos_IES_Fontem_Albei-270x300.jpg 270w, https:\/\/ilg.usc.gal\/palega\/wp-content\/uploads\/2026\/02\/Pasatempos_IES_Fontem_Albei.jpg 444w\" sizes=\"auto, (max-width: 175px) 100vw, 175px\" \/><\/a> <a href=\"https:\/\/ilg.usc.gal\/palega\/wp-content\/uploads\/2026\/02\/Xogos_IES_Fontem_Albei.jpg\"><img loading=\"lazy\" decoding=\"async\" class=\"wp-image-908 alignleft\" src=\"https:\/\/ilg.usc.gal\/palega\/wp-content\/uploads\/2026\/02\/Xogos_IES_Fontem_Albei-300x218.jpg\" alt=\"\" width=\"269\" height=\"196\" srcset=\"https:\/\/ilg.usc.gal\/palega\/wp-content\/uploads\/2026\/02\/Xogos_IES_Fontem_Albei-300x218.jpg 300w, https:\/\/ilg.usc.gal\/palega\/wp-content\/uploads\/2026\/02\/Xogos_IES_Fontem_Albei.jpg 644w\" sizes=\"auto, (max-width: 269px) 100vw, 269px\" \/><\/a><\/p>\n<h5><\/h5>\n<h5>ano lectivo 2022\/2023<\/h5>\n<h5>CPI pluriling\u00fce dr. l\u00f3pez su\u00e1rez (o savi\u00f1ao)<\/h5>\n<p style=\"text-align: justify;\">O alumnado deste centro decidiu traballar sobre a vendima por ser unha tradici\u00f3n de grande arraigamento na Ribeira Sacra e por elaborarse vi\u00f1o na maior\u00eda das casas dos e das estudantes, o que lles permitiu entrevistar os seu familiares. Ademais, recolleron l\u00e9xico entre a xente que acud\u00eda \u00e1 feira que ten lugar ao p\u00e9 do CPI d\u00faas veces ao mes. Por \u00faltimo, aproveitaron unha sa\u00edda fotogr\u00e1fica do Departamento de M\u00fasica e Pl\u00e1stica para recoller l\u00e9xico nos lugares m\u00e1is afastados do Concello en que non rexistraran informaci\u00f3n.<\/p>\n<p><a href=\"https:\/\/ilg.usc.gal\/palega\/wp-content\/uploads\/2026\/02\/IMG_3002-scaled.jpg\"><img loading=\"lazy\" decoding=\"async\" class=\"wp-image-919 alignleft\" src=\"https:\/\/ilg.usc.gal\/palega\/wp-content\/uploads\/2026\/02\/IMG_3002-300x200.jpg\" alt=\"\" width=\"167\" height=\"111\" srcset=\"https:\/\/ilg.usc.gal\/palega\/wp-content\/uploads\/2026\/02\/IMG_3002-300x200.jpg 300w, https:\/\/ilg.usc.gal\/palega\/wp-content\/uploads\/2026\/02\/IMG_3002-1024x683.jpg 1024w, https:\/\/ilg.usc.gal\/palega\/wp-content\/uploads\/2026\/02\/IMG_3002-768x512.jpg 768w, https:\/\/ilg.usc.gal\/palega\/wp-content\/uploads\/2026\/02\/IMG_3002-1536x1024.jpg 1536w, https:\/\/ilg.usc.gal\/palega\/wp-content\/uploads\/2026\/02\/IMG_3002-2048x1365.jpg 2048w\" sizes=\"auto, (max-width: 167px) 100vw, 167px\" \/><\/a><img loading=\"lazy\" decoding=\"async\" class=\"wp-image-918 alignleft\" src=\"https:\/\/ilg.usc.gal\/palega\/wp-content\/uploads\/2026\/02\/IMG_2818-300x200.jpg\" alt=\"\" width=\"171\" height=\"114\" srcset=\"https:\/\/ilg.usc.gal\/palega\/wp-content\/uploads\/2026\/02\/IMG_2818-300x200.jpg 300w, https:\/\/ilg.usc.gal\/palega\/wp-content\/uploads\/2026\/02\/IMG_2818-1024x683.jpg 1024w, https:\/\/ilg.usc.gal\/palega\/wp-content\/uploads\/2026\/02\/IMG_2818-768x512.jpg 768w, https:\/\/ilg.usc.gal\/palega\/wp-content\/uploads\/2026\/02\/IMG_2818-1536x1024.jpg 1536w, https:\/\/ilg.usc.gal\/palega\/wp-content\/uploads\/2026\/02\/IMG_2818-2048x1365.jpg 2048w\" sizes=\"auto, (max-width: 171px) 100vw, 171px\" \/><a style=\"font-size: 1rem;\" href=\"https:\/\/ilg.usc.gal\/palega\/wp-content\/uploads\/2026\/02\/IMG_2998-scaled.jpg\"><img loading=\"lazy\" decoding=\"async\" class=\"wp-image-920 alignleft\" src=\"https:\/\/ilg.usc.gal\/palega\/wp-content\/uploads\/2026\/02\/IMG_2998-300x200.jpg\" alt=\"\" width=\"171\" height=\"114\" srcset=\"https:\/\/ilg.usc.gal\/palega\/wp-content\/uploads\/2026\/02\/IMG_2998-300x200.jpg 300w, https:\/\/ilg.usc.gal\/palega\/wp-content\/uploads\/2026\/02\/IMG_2998-1024x683.jpg 1024w, https:\/\/ilg.usc.gal\/palega\/wp-content\/uploads\/2026\/02\/IMG_2998-768x512.jpg 768w, https:\/\/ilg.usc.gal\/palega\/wp-content\/uploads\/2026\/02\/IMG_2998-1536x1024.jpg 1536w, https:\/\/ilg.usc.gal\/palega\/wp-content\/uploads\/2026\/02\/IMG_2998-2048x1365.jpg 2048w\" sizes=\"auto, (max-width: 171px) 100vw, 171px\" \/><\/a><\/p>\n<h5><\/h5>\n<h5>cpi poeta ux\u00edo novoneyra (folgoso do courel)<\/h5>\n<p style=\"text-align: justify;\">O alumnado traballou sobre a apicultura, xa que no Courel hai unha importante tradici\u00f3n ap\u00edcola. De feito, un veci\u00f1o da zona, experto apicultor e carpinteiro, encargouse de explicarlles no centro o funcionamento dunha colmea. Ademais da recolla de l\u00e9xico sobre o tema, os e as estudantes elaboraron a s\u00faa propia colmea en colaboraci\u00f3n do Departamento de Tecnolox\u00eda.<\/p>\n<p><a href=\"https:\/\/ilg.usc.gal\/palega\/wp-content\/uploads\/2026\/02\/Mel_CPI_Uxio_Novoneyra.jpg\"><img loading=\"lazy\" decoding=\"async\" class=\"alignnone  wp-image-914\" src=\"https:\/\/ilg.usc.gal\/palega\/wp-content\/uploads\/2026\/02\/Mel_CPI_Uxio_Novoneyra-300x228.jpg\" alt=\"\" width=\"245\" height=\"186\" srcset=\"https:\/\/ilg.usc.gal\/palega\/wp-content\/uploads\/2026\/02\/Mel_CPI_Uxio_Novoneyra-300x228.jpg 300w, https:\/\/ilg.usc.gal\/palega\/wp-content\/uploads\/2026\/02\/Mel_CPI_Uxio_Novoneyra.jpg 678w\" sizes=\"auto, (max-width: 245px) 100vw, 245px\" \/><\/a> <a href=\"https:\/\/ilg.usc.gal\/palega\/wp-content\/uploads\/2026\/02\/Colmea_CPI_Uxio_Novoneyra.jpg\"><img loading=\"lazy\" decoding=\"async\" class=\"alignnone  wp-image-915\" src=\"https:\/\/ilg.usc.gal\/palega\/wp-content\/uploads\/2026\/02\/Colmea_CPI_Uxio_Novoneyra-259x300.jpg\" alt=\"\" width=\"161\" height=\"187\" srcset=\"https:\/\/ilg.usc.gal\/palega\/wp-content\/uploads\/2026\/02\/Colmea_CPI_Uxio_Novoneyra-259x300.jpg 259w, https:\/\/ilg.usc.gal\/palega\/wp-content\/uploads\/2026\/02\/Colmea_CPI_Uxio_Novoneyra.jpg 512w\" sizes=\"auto, (max-width: 161px) 100vw, 161px\" \/><\/a><\/p>\n<h5>ies pluriling\u00fce fontem albei (A fonsagrada)<\/h5>\n<p style=\"text-align: justify;\">Neste centro elaboraron <a href=\"https:\/\/www.elprogreso.es\/articulo\/a-montana\/alumnos-do-fontem-albei-da-fonsagrada-recuperan-lexico-da-zona\/202206102036221582875.html\">cadernos<\/a> que foron repartidos por distintos puntos da Fonsagrada para recoller as palabras da xente do Concello. Para fomentar a cesi\u00f3n de palabras por parte da veci\u00f1anza, crearon diversos <a href=\"https:\/\/www.youtube.com\/watch?v=tf1y8eyuTaM\">v\u00eddeos<\/a> nas redes sociais baixo o cancelo #NaFonsagradadicimosas\u00ed. Ademais, participaron no II concurso do programa #D\u00edgochoEu cun <a href=\"https:\/\/www.youtube.com\/watch?v=vOpSnZGaVD4&amp;t=2s\">gui\u00f3n<\/a> en que reivindicaban a variedade dialectal da Fonsagrada, co que conseguiron o 2.\u00ba premio entre os centros de ensino secundario de todo Galicia. Tam\u00e9n visitaron o Instituto da Lingua Galega, onde puideron falar co lexic\u00f3grafo fonsagradino Ant\u00f3n Santamarina.<\/p>\n<p style=\"text-align: justify;\">O l\u00e9xico rexistrado, que foi divulgado a trav\u00e9s de c\u00f3digos QR pola vila, pode consultarse nesta <a href=\"https:\/\/docs.google.com\/spreadsheets\/d\/1wgEgcpz9BWnAca3XWhJaNywmS9PEKHucGpjbScIt5aI\/edit?usp=sharing\">ligaz\u00f3n<\/a>.<\/p>\n<p><a href=\"https:\/\/ilg.usc.gal\/palega\/wp-content\/uploads\/2026\/02\/IES_Fontem_Albei_cadernos.jpg\"><img loading=\"lazy\" decoding=\"async\" class=\"alignnone  wp-image-925\" src=\"https:\/\/ilg.usc.gal\/palega\/wp-content\/uploads\/2026\/02\/IES_Fontem_Albei_cadernos-213x300.jpg\" alt=\"\" width=\"162\" height=\"228\" srcset=\"https:\/\/ilg.usc.gal\/palega\/wp-content\/uploads\/2026\/02\/IES_Fontem_Albei_cadernos-213x300.jpg 213w, https:\/\/ilg.usc.gal\/palega\/wp-content\/uploads\/2026\/02\/IES_Fontem_Albei_cadernos.jpg 358w\" sizes=\"auto, (max-width: 162px) 100vw, 162px\" \/>\u00a0 <\/a><a href=\"https:\/\/ilg.usc.gal\/palega\/wp-content\/uploads\/2026\/02\/IES_Fontem_Albei_visita.jpg\"><img loading=\"lazy\" decoding=\"async\" class=\"alignnone  wp-image-926\" src=\"https:\/\/ilg.usc.gal\/palega\/wp-content\/uploads\/2026\/02\/IES_Fontem_Albei_visita-300x230.jpg\" alt=\"\" width=\"296\" height=\"227\" srcset=\"https:\/\/ilg.usc.gal\/palega\/wp-content\/uploads\/2026\/02\/IES_Fontem_Albei_visita-300x230.jpg 300w, https:\/\/ilg.usc.gal\/palega\/wp-content\/uploads\/2026\/02\/IES_Fontem_Albei_visita.jpg 589w\" sizes=\"auto, (max-width: 296px) 100vw, 296px\" \/><\/a><\/p>\n<h5>ano lectivo 2021\/2022<\/h5>\n<h5>IES As Barxas (moa\u00f1a) e IES Mar\u00eda Soli\u00f1o (cangas)<\/h5>\n<p style=\"text-align: justify;\">Estes dous centros traballaron conxuntamente arredor dos oficios tradicionais do Morrazo. As actividades que realizaron ao longo do curso (infograf\u00eda sobre os peixes, mariscos e crust\u00e1ceos, entrevista a unha poxadora do peixe, escolla das dez palabras m\u00e1is bonitas do proxecto&#8230;) poden consultarse no seu <a href=\"https:\/\/oficiostradicionaismorrazo.blogspot.com\/\">blog<\/a>.<\/p>\n<p><a href=\"https:\/\/ilg.usc.gal\/palega\/wp-content\/uploads\/2022\/08\/1.jpg\"><img loading=\"lazy\" decoding=\"async\" class=\"size-medium wp-image-804 aligncenter\" src=\"https:\/\/ilg.usc.gal\/palega\/wp-content\/uploads\/2022\/08\/1-212x300.jpg\" alt=\"\" width=\"212\" height=\"300\" srcset=\"https:\/\/ilg.usc.gal\/palega\/wp-content\/uploads\/2022\/08\/1-212x300.jpg 212w, https:\/\/ilg.usc.gal\/palega\/wp-content\/uploads\/2022\/08\/1.jpg 283w\" sizes=\"auto, (max-width: 212px) 100vw, 212px\" \/><\/a><\/p>\n<h5>IES Pluriling\u00fce Fontexer\u00eda (muros)<\/h5>\n<p style=\"text-align: justify;\">O alumnado recolleu l\u00e9xico relacionado co mar e realizou unha serie de actividades que lle permitiu co\u00f1ecer mellor a s\u00faa contorna: visitas \u00e1 lonxa, ao Mu\u00ed\u00f1o das Mareas, a diversas conserveiras, charla sobre embarcaci\u00f3ns tradicionais etc.<\/p>\n<p><a href=\"https:\/\/ilg.usc.gal\/palega\/wp-content\/uploads\/2022\/08\/PHOTO-2022-04-04-11-45-38.jpg\"><img loading=\"lazy\" decoding=\"async\" class=\"aligncenter size-medium wp-image-802\" src=\"https:\/\/ilg.usc.gal\/palega\/wp-content\/uploads\/2022\/08\/PHOTO-2022-04-04-11-45-38-300x225.jpg\" alt=\"\" width=\"300\" height=\"225\" srcset=\"https:\/\/ilg.usc.gal\/palega\/wp-content\/uploads\/2022\/08\/PHOTO-2022-04-04-11-45-38-300x225.jpg 300w, https:\/\/ilg.usc.gal\/palega\/wp-content\/uploads\/2022\/08\/PHOTO-2022-04-04-11-45-38-1024x768.jpg 1024w, https:\/\/ilg.usc.gal\/palega\/wp-content\/uploads\/2022\/08\/PHOTO-2022-04-04-11-45-38-768x576.jpg 768w, https:\/\/ilg.usc.gal\/palega\/wp-content\/uploads\/2022\/08\/PHOTO-2022-04-04-11-45-38-1536x1152.jpg 1536w, https:\/\/ilg.usc.gal\/palega\/wp-content\/uploads\/2022\/08\/PHOTO-2022-04-04-11-45-38.jpg 2048w\" sizes=\"auto, (max-width: 300px) 100vw, 300px\" \/><\/a><\/p>\n<h5>IES de Vilalonga (sanxenxo)<\/h5>\n<p>Este centro traballou sobre o l\u00e9xico do mar e a vendima. Algunhas das gravaci\u00f3ns realizadas durante as entrevistas foron subidas \u00e1 plataforma da <a href=\"https:\/\/www.ivoox.com\/podcast-plan-proxecta_sq_f11597224_1.html\">Radio na biblio<\/a> e ao blog <a href=\"http:\/\/abeiradaspalabras.blogspot.com\/2022\/07\/plan-proxecta-lingua-patrimonio-e.html\">A beira das palabras<\/a>.<\/p>\n<p><a href=\"https:\/\/ilg.usc.gal\/palega\/wp-content\/uploads\/2022\/08\/FOTO-Pregunta-4-2.png\"><img loading=\"lazy\" decoding=\"async\" class=\" wp-image-797 alignleft\" src=\"https:\/\/ilg.usc.gal\/palega\/wp-content\/uploads\/2022\/08\/FOTO-Pregunta-4-2-173x300.png\" alt=\"\" width=\"159\" height=\"276\" srcset=\"https:\/\/ilg.usc.gal\/palega\/wp-content\/uploads\/2022\/08\/FOTO-Pregunta-4-2-173x300.png 173w, https:\/\/ilg.usc.gal\/palega\/wp-content\/uploads\/2022\/08\/FOTO-Pregunta-4-2-591x1024.png 591w, https:\/\/ilg.usc.gal\/palega\/wp-content\/uploads\/2022\/08\/FOTO-Pregunta-4-2-768x1330.png 768w, https:\/\/ilg.usc.gal\/palega\/wp-content\/uploads\/2022\/08\/FOTO-Pregunta-4-2-887x1536.png 887w, https:\/\/ilg.usc.gal\/palega\/wp-content\/uploads\/2022\/08\/FOTO-Pregunta-4-2-1183x2048.png 1183w\" sizes=\"auto, (max-width: 159px) 100vw, 159px\" \/><\/a><a href=\"https:\/\/ilg.usc.gal\/palega\/wp-content\/uploads\/2022\/08\/Foto-Pregunta-4-scaled.jpg\"><img loading=\"lazy\" decoding=\"async\" class=\" wp-image-796 alignleft\" src=\"https:\/\/ilg.usc.gal\/palega\/wp-content\/uploads\/2022\/08\/Foto-Pregunta-4-225x300.jpg\" alt=\"\" width=\"207\" height=\"276\" srcset=\"https:\/\/ilg.usc.gal\/palega\/wp-content\/uploads\/2022\/08\/Foto-Pregunta-4-225x300.jpg 225w, https:\/\/ilg.usc.gal\/palega\/wp-content\/uploads\/2022\/08\/Foto-Pregunta-4-768x1024.jpg 768w, https:\/\/ilg.usc.gal\/palega\/wp-content\/uploads\/2022\/08\/Foto-Pregunta-4-1152x1536.jpg 1152w, https:\/\/ilg.usc.gal\/palega\/wp-content\/uploads\/2022\/08\/Foto-Pregunta-4-1536x2048.jpg 1536w, https:\/\/ilg.usc.gal\/palega\/wp-content\/uploads\/2022\/08\/Foto-Pregunta-4-scaled.jpg 1920w\" sizes=\"auto, (max-width: 207px) 100vw, 207px\" \/><\/a><\/p>\n<h5><\/h5>\n<h5>ano lectivo 2020\/2021<\/h5>\n<h5>IES Lagoa de Antela (xinzo de limia)<\/h5>\n<p style=\"text-align: justify;\">Neste centro traballaron sobre os xogos tradicionais, para o que realizaron un labor de busca de informaci\u00f3n antes de po\u00f1elos en pr\u00e1ctica no propio centro. Ademais, o alumnado de 4.\u00ba da ESO encargouse de presentarlle a din\u00e1mica dos distintos xogos ao alumnado dos cursos inferiores.<\/p>\n<h5>IES Marqu\u00e9s de Sargadelos<\/h5>\n<p>O alumnado recolleu l\u00e9xico relacionado cos oficios tradicionais e co\u00f1eceu o traballo desenvolto por alg\u00fans artes\u00e1ns e artes\u00e1s dedicados \u00e1 <a href=\"https:\/\/linguagalegams.blogspot.com\/2021\/06\/plan-proxecta-os-vellos-oficios-cesteria.html\">cester\u00eda<\/a>, \u00e1 <a href=\"https:\/\/linguagalegams.blogspot.com\/2021\/05\/o-equipo-de-dinamizacion-colaborando-co.html\">cer\u00e1mica<\/a> e \u00e1 elaboraci\u00f3n de zocos.<\/p>\n<p><a href=\"https:\/\/ilg.usc.gal\/palega\/wp-content\/uploads\/2022\/08\/Marques_de_Sargadelos.png\"><img loading=\"lazy\" decoding=\"async\" class=\"alignleft  wp-image-784\" src=\"https:\/\/ilg.usc.gal\/palega\/wp-content\/uploads\/2022\/08\/Marques_de_Sargadelos.png\" alt=\"\" width=\"245\" height=\"180\" \/><\/a><a href=\"https:\/\/ilg.usc.gal\/palega\/wp-content\/uploads\/2022\/08\/Marques_de_Sargadelos_1.png\"><img loading=\"lazy\" decoding=\"async\" class=\"wp-image-785  alignleft\" src=\"https:\/\/ilg.usc.gal\/palega\/wp-content\/uploads\/2022\/08\/Marques_de_Sargadelos_1.png\" alt=\"\" width=\"273\" height=\"182\" srcset=\"https:\/\/ilg.usc.gal\/palega\/wp-content\/uploads\/2022\/08\/Marques_de_Sargadelos_1.png 418w, https:\/\/ilg.usc.gal\/palega\/wp-content\/uploads\/2022\/08\/Marques_de_Sargadelos_1-300x200.png 300w\" sizes=\"auto, (max-width: 273px) 100vw, 273px\" \/><\/a><\/p>\n<h5><\/h5>\n<h5>ano lectivo 2019\/2020<\/h5>\n<h5>IES de Ponte Caldelas (ponte caldelas)<\/h5>\n<p style=\"text-align: justify;\">Neste centro elaboraron a p\u00e1xina web <a href=\"https:\/\/iesdepontecaldelas.jimdofree.com\/\">Patromoni&#8230; ando<\/a><em>,<\/em> onde se recolle o traballo que realizaron arredor do patrimonio material e inmaterial desde distintas \u00e1reas. Na secci\u00f3n <a href=\"https:\/\/iesdepontecaldelas.jimdofree.com\/l%C3%A9xico-recollido\/\">L\u00e9xico Recollido<\/a> p\u00f3dense consultar todas as palabras rexistradas polo alumnado.<\/p>\n<p style=\"text-align: justify;\">Este proxecto levou o primeiro premio de Innovaci\u00f3n Educativa do organismo Escola Viva.<\/p>\n<p><a href=\"https:\/\/ilg.usc.gal\/palega\/wp-content\/uploads\/2022\/08\/Ponte_Caldelas.png\"><img loading=\"lazy\" decoding=\"async\" class=\"aligncenter size-full wp-image-747\" src=\"https:\/\/ilg.usc.gal\/palega\/wp-content\/uploads\/2022\/08\/Ponte_Caldelas.png\" alt=\"\" width=\"1520\" height=\"806\" srcset=\"https:\/\/ilg.usc.gal\/palega\/wp-content\/uploads\/2022\/08\/Ponte_Caldelas.png 1520w, https:\/\/ilg.usc.gal\/palega\/wp-content\/uploads\/2022\/08\/Ponte_Caldelas-300x159.png 300w, https:\/\/ilg.usc.gal\/palega\/wp-content\/uploads\/2022\/08\/Ponte_Caldelas-1024x543.png 1024w, https:\/\/ilg.usc.gal\/palega\/wp-content\/uploads\/2022\/08\/Ponte_Caldelas-768x407.png 768w\" sizes=\"auto, (max-width: 706px) 89vw, (max-width: 767px) 82vw, 740px\" \/><\/a><\/p>\n<h5>CPI Pluriling\u00fce de Vedra (vedra)<\/h5>\n<p style=\"text-align: justify;\">O alumnado de Vedra traballou sobre o l\u00e9xico da madeira e a carpinter\u00eda, que puideron co\u00f1ecer da man dalg\u00fans carpinteiros que lle falaron sobre o seu oficio nun obradoiro realizado no centro e en visitas aos seus lugares de traballo. Ademais, o l\u00e9xico foi incorporado \u00e1 aplicaci\u00f3n <a href=\"https:\/\/capio.consultem.org\/\">B\u00f3tame un capio<\/a>, desenvolta no anterior ano lectivo.<\/p>\n<p style=\"text-align: justify;\"><a href=\"https:\/\/ilg.usc.gal\/palega\/wp-content\/uploads\/2022\/08\/Vedra.jpg\"><img loading=\"lazy\" decoding=\"async\" class=\" wp-image-757 alignleft\" src=\"https:\/\/ilg.usc.gal\/palega\/wp-content\/uploads\/2022\/08\/Vedra-300x200.jpg\" alt=\"\" width=\"279\" height=\"186\" srcset=\"https:\/\/ilg.usc.gal\/palega\/wp-content\/uploads\/2022\/08\/Vedra-300x200.jpg 300w, https:\/\/ilg.usc.gal\/palega\/wp-content\/uploads\/2022\/08\/Vedra-768x512.jpg 768w, https:\/\/ilg.usc.gal\/palega\/wp-content\/uploads\/2022\/08\/Vedra.jpg 1024w\" sizes=\"auto, (max-width: 279px) 100vw, 279px\" \/><\/a><a href=\"https:\/\/ilg.usc.gal\/palega\/wp-content\/uploads\/2022\/08\/Vedra_3.png\"><img loading=\"lazy\" decoding=\"async\" class=\" wp-image-760 alignleft\" src=\"https:\/\/ilg.usc.gal\/palega\/wp-content\/uploads\/2022\/08\/Vedra_3.png\" alt=\"\" width=\"187\" height=\"187\" srcset=\"https:\/\/ilg.usc.gal\/palega\/wp-content\/uploads\/2022\/08\/Vedra_3.png 233w, https:\/\/ilg.usc.gal\/palega\/wp-content\/uploads\/2022\/08\/Vedra_3-150x150.png 150w, https:\/\/ilg.usc.gal\/palega\/wp-content\/uploads\/2022\/08\/Vedra_3-100x100.png 100w\" sizes=\"auto, (max-width: 187px) 100vw, 187px\" \/><\/a><\/p>\n<h5>IES Universidade Laboral (culleredo)<\/h5>\n<p>Na Universidade Laboral elaboraron un mapa de palabras e un <a href=\"http:\/\/www.edu.xunta.gal\/centros\/iesuniversidadelaboralcoruna\/system\/files\/DicionarioLaboral_2020_21.pdf\">dicionario<\/a> con todas as formas relacionadas co mar, o pan, a costura e os xogos recollidas polo alumnado, procedente de distintos concellos de Galicia.<\/p>\n<p><a href=\"https:\/\/ilg.usc.gal\/palega\/wp-content\/uploads\/2022\/08\/Universidade_Laboral.png\"><img loading=\"lazy\" decoding=\"async\" class=\"wp-image-775 aligncenter\" src=\"https:\/\/ilg.usc.gal\/palega\/wp-content\/uploads\/2022\/08\/Universidade_Laboral-1024x1024.png\" alt=\"\" width=\"409\" height=\"409\" srcset=\"https:\/\/ilg.usc.gal\/palega\/wp-content\/uploads\/2022\/08\/Universidade_Laboral-1024x1024.png 1024w, https:\/\/ilg.usc.gal\/palega\/wp-content\/uploads\/2022\/08\/Universidade_Laboral-300x300.png 300w, https:\/\/ilg.usc.gal\/palega\/wp-content\/uploads\/2022\/08\/Universidade_Laboral-150x150.png 150w, https:\/\/ilg.usc.gal\/palega\/wp-content\/uploads\/2022\/08\/Universidade_Laboral-768x768.png 768w, https:\/\/ilg.usc.gal\/palega\/wp-content\/uploads\/2022\/08\/Universidade_Laboral-100x100.png 100w, https:\/\/ilg.usc.gal\/palega\/wp-content\/uploads\/2022\/08\/Universidade_Laboral.png 1080w\" sizes=\"auto, (max-width: 409px) 100vw, 409px\" \/><\/a><\/p>\n<h5>ano lectivo 2018\/2019<\/h5>\n<h5>IES GREGORIO FERN\u00e1NDEZ (sarria)<\/h5>\n<p style=\"text-align: justify;\">O alumnado deste centro traballou arredor das plantas medicinais, das medidas e do traballo e as relaci\u00f3ns laborais. No seu blog <a href=\"https:\/\/linguaepatrimonio.blogspot.com\/\">A lingua \u00e9 vida<\/a> encontraredes un <a href=\"https:\/\/issuu.com\/silvousfle\/docs\/glosario_glossaire\">glosario<\/a> biling\u00fce galego-franc\u00e9s de plantas medicinais, as\u00ed como fotograf\u00edas das plantas coas que traballaron e varias gravaci\u00f3ns, ademais das enquisas empregadas.<\/p>\n<p><a href=\"https:\/\/ilg.usc.gal\/PaLeGa\/wp-content\/uploads\/2020\/02\/medicinais.png\"><img loading=\"lazy\" decoding=\"async\" class=\"aligncenter wp-image-708 size-full\" src=\"https:\/\/ilg.usc.gal\/PaLeGa\/wp-content\/uploads\/2020\/02\/medicinais.png\" alt=\"\" width=\"978\" height=\"569\" srcset=\"https:\/\/ilg.usc.gal\/palega\/wp-content\/uploads\/2020\/02\/medicinais.png 978w, https:\/\/ilg.usc.gal\/palega\/wp-content\/uploads\/2020\/02\/medicinais-300x175.png 300w, https:\/\/ilg.usc.gal\/palega\/wp-content\/uploads\/2020\/02\/medicinais-768x447.png 768w\" sizes=\"auto, (max-width: 706px) 89vw, (max-width: 767px) 82vw, 740px\" \/><\/a><\/p>\n<h5>CPI Pluriling\u00fce de vedra (vedra)<\/h5>\n<p style=\"text-align: justify;\">Neste centro crearon unha aplicaci\u00f3n que leva por nome <a href=\"https:\/\/capio.consultem.org\/index.php\">B\u00f3tame un capio<\/a>, onde van introducindo vocabulario propio da zona, en moitos casos desco\u00f1ecido polo alumnado, para que este non se perda e posibilitar a s\u00faa consulta.<\/p>\n<p><a href=\"https:\/\/ilg.usc.gal\/PaLeGa\/wp-content\/uploads\/2020\/02\/capio.png\"><img loading=\"lazy\" decoding=\"async\" class=\"wp-image-705 size-large aligncenter\" src=\"https:\/\/ilg.usc.gal\/PaLeGa\/wp-content\/uploads\/2020\/02\/capio-1024x575.png\" alt=\"\" width=\"525\" height=\"295\" srcset=\"https:\/\/ilg.usc.gal\/palega\/wp-content\/uploads\/2020\/02\/capio-1024x575.png 1024w, https:\/\/ilg.usc.gal\/palega\/wp-content\/uploads\/2020\/02\/capio-300x168.png 300w, https:\/\/ilg.usc.gal\/palega\/wp-content\/uploads\/2020\/02\/capio-768x431.png 768w, https:\/\/ilg.usc.gal\/palega\/wp-content\/uploads\/2020\/02\/capio.png 1183w\" sizes=\"auto, (max-width: 525px) 100vw, 525px\" \/><\/a><\/p>\n<p>Noticia na prensa:<a href=\"https:\/\/www.elcorreogallego.es\/area-de-compostela\/ecg\/botame-un-capio-nova-app-recuperar-lexico-da-ulla\/idEdicion-2019-06-16\/idNoticia-1188936\"> https:\/\/www.elcorreogallego.es\/area-de-compostela\/ecg\/botame-un-capio-nova-app-recuperar-lexico-da-ulla\/idEdicion-2019-06-16\/idNoticia-1188936<\/a><\/p>\n<h5>ies francisco davi\u00f1a rey (monforte de lemos)<\/h5>\n<p style=\"text-align: justify;\">O alumnado participante recolleu ao longo do curso o l\u00e9xico relacionado co pan, xunto a refr\u00e1ns, cantigas e diversas cuesti\u00f3ns etnogr\u00e1ficas arredor desta tem\u00e1tica. Podedes consultar todo o que andaron a facer no seu blog <a href=\"https:\/\/ofornodafala.blogspot.com\/\">O forno da fala<\/a>.<\/p>\n<p><a href=\"https:\/\/ilg.usc.gal\/PaLeGa\/wp-content\/uploads\/2019\/06\/Blog_pan.jpg\"><img loading=\"lazy\" decoding=\"async\" class=\"alignnone wp-image-677 size-large\" src=\"https:\/\/ilg.usc.gal\/PaLeGa\/wp-content\/uploads\/2019\/06\/Blog_pan-1024x645.jpg\" alt=\"\" width=\"525\" height=\"331\" srcset=\"https:\/\/ilg.usc.gal\/palega\/wp-content\/uploads\/2019\/06\/Blog_pan-1024x645.jpg 1024w, https:\/\/ilg.usc.gal\/palega\/wp-content\/uploads\/2019\/06\/Blog_pan-300x189.jpg 300w, https:\/\/ilg.usc.gal\/palega\/wp-content\/uploads\/2019\/06\/Blog_pan-768x484.jpg 768w, https:\/\/ilg.usc.gal\/palega\/wp-content\/uploads\/2019\/06\/Blog_pan.jpg 1183w\" sizes=\"auto, (max-width: 525px) 100vw, 525px\" \/><\/a><\/p>\n<h5>IES MAXIMINO ROMERO DE LEMA (BAIO, ZAS)<\/h5>\n<p style=\"text-align: justify;\">Neste centro traballaron o l\u00e9xico relacionado con distintos campos sem\u00e1nticos (xogos e xoguetes tradicionais, o pan, os embutidos&#8230;). No seu <a href=\"https:\/\/aosondorural.wordpress.com\/2019\/05\/31\/recollida-de-lexico-patrimonial\/\">blog<\/a> podemos encontrar este v\u00eddeo realizado polo alumnado do ciclo de Imaxe e Son.<\/p>\n<p><iframe loading=\"lazy\" title=\"AO SON DAS PALABRAS\" width=\"525\" height=\"295\" src=\"https:\/\/www.youtube.com\/embed\/7wjUenqlUJw?start=4&#038;feature=oembed\" frameborder=\"0\" allow=\"accelerometer; autoplay; clipboard-write; encrypted-media; gyroscope; picture-in-picture; web-share\" referrerpolicy=\"strict-origin-when-cross-origin\" allowfullscreen><\/iframe><\/p>\n<h5 style=\"text-align: justify;\">escola b\u00e1sica e secund\u00e1ria de rebordosa (paredes &#8211; portugal)<\/h5>\n<p style=\"text-align: justify;\">O alumnado do 10\u00ba ano do Curso Profissional de T\u00e9cnico de Turismo rexistrou ao longo do ano o l\u00e9xico relacionado co traballo manual da madeira, o que lles permitiu co\u00f1ecer unha arte tradicional de grande importancia no patrimonio de Rebordosa. A posta en valor do patrimonio e a s\u00faa relaci\u00f3n co turismo foi tam\u00e9n unha dimensi\u00f3n traballada no proxecto. Durante a realizaci\u00f3n das entrevistas, as rapazas e rapaces tiveron a oportunidade de co\u00f1ecer diversas ferramentas usadas no traballo da madeira e decidiron dalas a co\u00f1ecer na exposici\u00f3n <em>\u00c0 maneira do artes\u00e3o<\/em>. O d\u00eda da inauguraci\u00f3n, \u00e1 que acudiu unha parte das e dos informantes, o alumnado explicou o seu traballo, exerceu de gu\u00eda da mostra e distribu\u00edu unha actividade l\u00fadica entre as persoas asistentes.<\/p>\n<p>\u00a0<a href=\"https:\/\/ilg.usc.gal\/PaLeGa\/wp-content\/uploads\/2019\/06\/Exposicion_2.jpg\"><img loading=\"lazy\" decoding=\"async\" class=\"size-medium wp-image-673 alignleft\" src=\"https:\/\/ilg.usc.gal\/PaLeGa\/wp-content\/uploads\/2019\/06\/Exposicion_2-300x222.jpg\" alt=\"\" width=\"300\" height=\"222\" srcset=\"https:\/\/ilg.usc.gal\/palega\/wp-content\/uploads\/2019\/06\/Exposicion_2-300x222.jpg 300w, https:\/\/ilg.usc.gal\/palega\/wp-content\/uploads\/2019\/06\/Exposicion_2-768x569.jpg 768w, https:\/\/ilg.usc.gal\/palega\/wp-content\/uploads\/2019\/06\/Exposicion_2-1024x759.jpg 1024w, https:\/\/ilg.usc.gal\/palega\/wp-content\/uploads\/2019\/06\/Exposicion_2.jpg 2009w\" sizes=\"auto, (max-width: 300px) 100vw, 300px\" \/><\/a>\u00a0<a href=\"https:\/\/ilg.usc.gal\/PaLeGa\/wp-content\/uploads\/2019\/06\/Exposicion_3.jpg\"><img loading=\"lazy\" decoding=\"async\" class=\"size-medium wp-image-674 aligncenter\" src=\"https:\/\/ilg.usc.gal\/PaLeGa\/wp-content\/uploads\/2019\/06\/Exposicion_3-300x151.jpg\" alt=\"\" width=\"300\" height=\"151\" srcset=\"https:\/\/ilg.usc.gal\/palega\/wp-content\/uploads\/2019\/06\/Exposicion_3-300x151.jpg 300w, https:\/\/ilg.usc.gal\/palega\/wp-content\/uploads\/2019\/06\/Exposicion_3-768x387.jpg 768w, https:\/\/ilg.usc.gal\/palega\/wp-content\/uploads\/2019\/06\/Exposicion_3-1024x516.jpg 1024w\" sizes=\"auto, (max-width: 300px) 100vw, 300px\" \/><\/a>\u00a0\u00a0\u00a0 <a href=\"https:\/\/ilg.usc.gal\/PaLeGa\/wp-content\/uploads\/2019\/06\/Exposicion_1.jpg\"><img loading=\"lazy\" decoding=\"async\" class=\"alignright wp-image-671 size-medium\" src=\"https:\/\/ilg.usc.gal\/PaLeGa\/wp-content\/uploads\/2019\/06\/Exposicion_1-300x189.jpg\" alt=\"\" width=\"300\" height=\"189\" srcset=\"https:\/\/ilg.usc.gal\/palega\/wp-content\/uploads\/2019\/06\/Exposicion_1-300x189.jpg 300w, https:\/\/ilg.usc.gal\/palega\/wp-content\/uploads\/2019\/06\/Exposicion_1-768x484.jpg 768w, https:\/\/ilg.usc.gal\/palega\/wp-content\/uploads\/2019\/06\/Exposicion_1-1024x645.jpg 1024w\" sizes=\"auto, (max-width: 300px) 100vw, 300px\" \/><\/a><\/p>\n<h5><\/h5>\n<h5><\/h5>\n<h5>ANO LECTIVO 2017\/2018<\/h5>\n<h5>IES Ant\u00f3n Alonso R\u00edos (Tomi\u00f1o)<\/h5>\n<p style=\"text-align: justify;\">Na <a href=\"https:\/\/issuu.com\/66lechuga\/docs\/bre_tema_18\/2\">revista<\/a> do centro podemos ler unha pequena reportaxe sobre a s\u00faa participaci\u00f3n neste programa e o seguinte v\u00eddeo ofr\u00e9cenos un resumo en imaxes das visitas e actividades organizadas arredor do noso l\u00e9xico patrimonial.<\/p>\n<p><iframe loading=\"lazy\" title=\"Lingua, patrimonio e co\u00f1ecemento tradicional\" width=\"525\" height=\"295\" src=\"https:\/\/www.youtube.com\/embed\/jgBYDL1lvRU?feature=oembed\" frameborder=\"0\" allow=\"accelerometer; autoplay; clipboard-write; encrypted-media; gyroscope; picture-in-picture; web-share\" referrerpolicy=\"strict-origin-when-cross-origin\" allowfullscreen><\/iframe><\/p>\n<h5>IES de carral (Carral)<\/h5>\n<p style=\"text-align: justify;\">No <a href=\"https:\/\/carralingua.blogspot.com\/search\/label\/PAN\">blog<\/a> da aula de lingua podemos encontrar alg\u00fans dos traballos realizados polo alumnado de 3\u00ba da ESO arredor do pan, como as infograf\u00edas que mostramos a seguir.<\/p>\n<p><a href=\"https:\/\/ilg.usc.gal\/PaLeGa\/wp-content\/uploads\/2018\/07\/Infografia.png\"><img loading=\"lazy\" decoding=\"async\" class=\"alignnone size-medium wp-image-573\" src=\"https:\/\/ilg.usc.gal\/PaLeGa\/wp-content\/uploads\/2018\/07\/Infografia-300x187.png\" alt=\"\" width=\"300\" height=\"187\" srcset=\"https:\/\/ilg.usc.gal\/palega\/wp-content\/uploads\/2018\/07\/Infografia-300x187.png 300w, https:\/\/ilg.usc.gal\/palega\/wp-content\/uploads\/2018\/07\/Infografia.png 589w\" sizes=\"auto, (max-width: 300px) 100vw, 300px\" \/><\/a><\/p>\n<p><a href=\"https:\/\/ilg.usc.gal\/PaLeGa\/wp-content\/uploads\/2018\/07\/Infografia2.png\"><img loading=\"lazy\" decoding=\"async\" class=\"wp-image-574 size-medium alignleft\" src=\"https:\/\/ilg.usc.gal\/PaLeGa\/wp-content\/uploads\/2018\/07\/Infografia2-150x300.png\" alt=\"\" width=\"150\" height=\"300\" srcset=\"https:\/\/ilg.usc.gal\/palega\/wp-content\/uploads\/2018\/07\/Infografia2-150x300.png 150w, https:\/\/ilg.usc.gal\/palega\/wp-content\/uploads\/2018\/07\/Infografia2.png 246w\" sizes=\"auto, (max-width: 150px) 100vw, 150px\" \/><\/a><a href=\"https:\/\/ilg.usc.gal\/PaLeGa\/wp-content\/uploads\/2018\/07\/Infografia3.png\"><img loading=\"lazy\" decoding=\"async\" class=\"alignnone size-medium wp-image-575\" src=\"https:\/\/ilg.usc.gal\/PaLeGa\/wp-content\/uploads\/2018\/07\/Infografia3-150x300.png\" alt=\"\" width=\"150\" height=\"300\" srcset=\"https:\/\/ilg.usc.gal\/palega\/wp-content\/uploads\/2018\/07\/Infografia3-150x300.png 150w, https:\/\/ilg.usc.gal\/palega\/wp-content\/uploads\/2018\/07\/Infografia3.png 176w\" sizes=\"auto, (max-width: 150px) 100vw, 150px\" \/><\/a><\/p>\n<h5 style=\"text-align: justify;\">CIFP Manuel antonio (vigo)<\/h5>\n<p style=\"text-align: justify;\">Os docentes elaboraron un <a href=\"https:\/\/prezi.com\/view\/FtntEtphsAsaQotGYXnI\/\">Prezi<\/a> para explicarlle ao alumnado participante o proxecto e como se debe proceder na realizaci\u00f3n das entrevistas. Unha vez realizadas estas e tratado o material recollido, o alumnado elaborou dous dicionarios de pequeno formato:<\/p>\n<ul>\n<li><a href=\"https:\/\/docs.wixstatic.com\/ugd\/e2abc8_809b1380a3944b878ad2defaefc6c6b6.pdf\">Pequeno dicionario do t\u00e9xtil: os tecidos e a costura<\/a><\/li>\n<li><a href=\"https:\/\/docs.wixstatic.com\/ugd\/e2abc8_155761a74fd74922b3c21eede7ca5745.pdf\">Pequeno dicionario da hostalar\u00eda: o pan, o porco, os embutidos, o vi\u00f1o e a vendima<\/a><\/li>\n<\/ul>\n<h5 style=\"text-align: justify;\">IES Mendi\u00f1o (redondela)<\/h5>\n<p style=\"text-align: justify;\">Na <a href=\"http:\/\/www.edu.xunta.gal\/centros\/iesmendino\/?q=taxonomy\/term\/267\">p\u00e1xina<\/a> do centro atopamos materiais de diverso tipo,\u00a0recollidos ou elaborados durante a participaci\u00f3n no programa, relacionados co mar : <a href=\"http:\/\/www.edu.xunta.gal\/centros\/iesmendino\/?q=taxonomy\/term\/277\">l\u00e9xico<\/a>, <a href=\"http:\/\/www.edu.xunta.gal\/centros\/iesmendino\/?q=node\/564\">audios e v\u00eddeos<\/a>, <a href=\"http:\/\/www.edu.xunta.gal\/centros\/iesmendino\/?q=taxonomy\/term\/279\">fotograf\u00edas<\/a>\u00a0etc.<\/p>\n<figure id=\"attachment_549\" aria-describedby=\"caption-attachment-549\" style=\"width: 300px\" class=\"wp-caption aligncenter\"><a href=\"https:\/\/ilg.usc.gal\/PaLeGa\/wp-content\/uploads\/2018\/04\/bicheiro.jpg\"><img loading=\"lazy\" decoding=\"async\" class=\"wp-image-549 size-medium\" src=\"https:\/\/ilg.usc.gal\/PaLeGa\/wp-content\/uploads\/2018\/04\/bicheiro-300x200.jpg\" alt=\"\" width=\"300\" height=\"200\" srcset=\"https:\/\/ilg.usc.gal\/palega\/wp-content\/uploads\/2018\/04\/bicheiro-300x200.jpg 300w, https:\/\/ilg.usc.gal\/palega\/wp-content\/uploads\/2018\/04\/bicheiro-768x512.jpg 768w, https:\/\/ilg.usc.gal\/palega\/wp-content\/uploads\/2018\/04\/bicheiro-1024x683.jpg 1024w, https:\/\/ilg.usc.gal\/palega\/wp-content\/uploads\/2018\/04\/bicheiro.jpg 1555w\" sizes=\"auto, (max-width: 300px) 100vw, 300px\" \/><\/a><figcaption id=\"caption-attachment-549\" class=\"wp-caption-text\">Tipos de aparellos: bicheiro<\/figcaption><\/figure>\n<figure id=\"attachment_550\" aria-describedby=\"caption-attachment-550\" style=\"width: 300px\" class=\"wp-caption aligncenter\"><a href=\"https:\/\/ilg.usc.gal\/PaLeGa\/wp-content\/uploads\/2018\/04\/imaxe_antiga.jpg\"><img loading=\"lazy\" decoding=\"async\" class=\"wp-image-550 size-medium\" src=\"https:\/\/ilg.usc.gal\/PaLeGa\/wp-content\/uploads\/2018\/04\/imaxe_antiga-300x197.jpg\" alt=\"\" width=\"300\" height=\"197\" srcset=\"https:\/\/ilg.usc.gal\/palega\/wp-content\/uploads\/2018\/04\/imaxe_antiga-300x197.jpg 300w, https:\/\/ilg.usc.gal\/palega\/wp-content\/uploads\/2018\/04\/imaxe_antiga-768x504.jpg 768w, https:\/\/ilg.usc.gal\/palega\/wp-content\/uploads\/2018\/04\/imaxe_antiga.jpg 874w\" sizes=\"auto, (max-width: 300px) 100vw, 300px\" \/><\/a><figcaption id=\"caption-attachment-550\" class=\"wp-caption-text\">Imaxe cedida por familiares do alumnado<\/figcaption><\/figure>\n<h5>IES A Pinguela (Monforte de lemos)<\/h5>\n<p style=\"text-align: justify;\">O alumnado deste centro sacou fotograf\u00edas e gravou diversos v\u00eddeos e audios relacionados cos distintos campos sem\u00e1nticos propostos no programa. No vindeiro ano lectivo pretenden elaborar un documental con todo este material.<\/p>\n<figure id=\"attachment_587\" aria-describedby=\"caption-attachment-587\" style=\"width: 300px\" class=\"wp-caption alignright\"><a href=\"https:\/\/ilg.usc.gal\/PaLeGa\/wp-content\/uploads\/2018\/07\/tear.jpg\"><img loading=\"lazy\" decoding=\"async\" class=\"wp-image-587 size-medium\" src=\"https:\/\/ilg.usc.gal\/PaLeGa\/wp-content\/uploads\/2018\/07\/tear-300x169.jpg\" alt=\"\" width=\"300\" height=\"169\" srcset=\"https:\/\/ilg.usc.gal\/palega\/wp-content\/uploads\/2018\/07\/tear-300x169.jpg 300w, https:\/\/ilg.usc.gal\/palega\/wp-content\/uploads\/2018\/07\/tear-768x433.jpg 768w, https:\/\/ilg.usc.gal\/palega\/wp-content\/uploads\/2018\/07\/tear-1024x577.jpg 1024w, https:\/\/ilg.usc.gal\/palega\/wp-content\/uploads\/2018\/07\/tear.jpg 1691w\" sizes=\"auto, (max-width: 300px) 100vw, 300px\" \/><\/a><figcaption id=\"caption-attachment-587\" class=\"wp-caption-text\">Fuso<\/figcaption><\/figure>\n<figure id=\"attachment_591\" aria-describedby=\"caption-attachment-591\" style=\"width: 259px\" class=\"wp-caption alignnone\"><a href=\"https:\/\/ilg.usc.gal\/PaLeGa\/wp-content\/uploads\/2018\/07\/debandoira.jpg\"><img loading=\"lazy\" decoding=\"async\" class=\"wp-image-591 size-medium\" src=\"https:\/\/ilg.usc.gal\/PaLeGa\/wp-content\/uploads\/2018\/07\/debandoira-259x300.jpg\" alt=\"\" width=\"259\" height=\"300\" srcset=\"https:\/\/ilg.usc.gal\/palega\/wp-content\/uploads\/2018\/07\/debandoira-259x300.jpg 259w, https:\/\/ilg.usc.gal\/palega\/wp-content\/uploads\/2018\/07\/debandoira-768x890.jpg 768w, https:\/\/ilg.usc.gal\/palega\/wp-content\/uploads\/2018\/07\/debandoira-884x1024.jpg 884w\" sizes=\"auto, (max-width: 259px) 100vw, 259px\" \/><\/a><figcaption id=\"caption-attachment-591\" class=\"wp-caption-text\">Sarillo<\/figcaption><\/figure>\n","protected":false},"excerpt":{"rendered":"<p>Nesta secci\u00f3n iranse incorporando os materiais elaborados polos centros durante a s\u00faa participaci\u00f3n no programa, as\u00ed como algunhas das gravaci\u00f3ns e imaxes obtidas durante a realizaci\u00f3n das entrevistas. O l\u00e9xico recollido\u00a0polo alumnado pasar\u00e1 a integrar a base de datos do Tesouro do l\u00e9xico patrimonial galego e portugu\u00e9s, onde ir\u00e1 identificado co nome do centro correspondente. &hellip; <\/p>\n<p class=\"link-more\"><a href=\"https:\/\/ilg.usc.gal\/palega\/?page_id=541\" class=\"more-link\">Continuar lendo<span class=\"screen-reader-text\"> &#8220;&#8221;<\/span><\/a><\/p>\n","protected":false},"author":1,"featured_media":0,"parent":0,"menu_order":0,"comment_status":"closed","ping_status":"closed","template":"","meta":{"footnotes":""},"class_list":["post-541","page","type-page","status-publish","hentry"],"_links":{"self":[{"href":"https:\/\/ilg.usc.gal\/palega\/index.php?rest_route=\/wp\/v2\/pages\/541","targetHints":{"allow":["GET"]}}],"collection":[{"href":"https:\/\/ilg.usc.gal\/palega\/index.php?rest_route=\/wp\/v2\/pages"}],"about":[{"href":"https:\/\/ilg.usc.gal\/palega\/index.php?rest_route=\/wp\/v2\/types\/page"}],"author":[{"embeddable":true,"href":"https:\/\/ilg.usc.gal\/palega\/index.php?rest_route=\/wp\/v2\/users\/1"}],"replies":[{"embeddable":true,"href":"https:\/\/ilg.usc.gal\/palega\/index.php?rest_route=%2Fwp%2Fv2%2Fcomments&post=541"}],"version-history":[{"count":80,"href":"https:\/\/ilg.usc.gal\/palega\/index.php?rest_route=\/wp\/v2\/pages\/541\/revisions"}],"predecessor-version":[{"id":928,"href":"https:\/\/ilg.usc.gal\/palega\/index.php?rest_route=\/wp\/v2\/pages\/541\/revisions\/928"}],"wp:attachment":[{"href":"https:\/\/ilg.usc.gal\/palega\/index.php?rest_route=%2Fwp%2Fv2%2Fmedia&parent=541"}],"curies":[{"name":"wp","href":"https:\/\/api.w.org\/{rel}","templated":true}]}}